{"id":318,"date":"2020-01-27T09:35:25","date_gmt":"2020-01-27T08:35:25","guid":{"rendered":"https:\/\/www.321go.si\/grad-tabor\/"},"modified":"2025-05-28T17:17:13","modified_gmt":"2025-05-28T15:17:13","slug":"schloss-tabor","status":"publish","type":"page","link":"https:\/\/www.321go.si\/de\/schloss-tabor\/","title":{"rendered":"Schloss Tabor"},"content":{"rendered":"<h1>Schloss Tabor<\/h1>\n<h4>Schloss Tabor Kulturstandort mit Geschichte<\/h4>\n<p>Sein barockes Erscheinungsbild erhielt das auch Tabor Schl\u00f6sschen genannte Anwesen im 17. Jahrhundert. Das zweigeschossige Geb\u00e4ude weist einen hakenf\u00f6rmigen Grundriss auf. Schloss Tabor hatte in Neuhaus am Klausenbach einen mittelalterlichen Vorg\u00e4nger. Die Grenzburg Dobra war der urspr\u00fcngliche Sitz der Grundherrschaft Neuhaus.<\/p>\n<h3>Die Chronologie der Herrschaft Neuhaus und von Schloss Tabor<\/h3>\n<p>Dobra, Neuhaus, Vasdobra\/Tabor<\/p>\n<h3>1213<\/h3>\n<p>Erste Erw\u00e4hnung als terram de Dobra.<\/p>\n<h3>1271<\/h3>\n<p>Das Schloss Dobra (Castrum Dobra) im Besitz der Familie Geregye.<\/p>\n<h3>1387<\/h3>\n<p>Das Gut mit dem Schloss wird Eigentum der Familie Sz\u00e9chy.<\/p>\n<h3>1469<\/h3>\n<p>Schloss Dobra wird beim Angriff teilweise zerst\u00f6rt, Anf\u00e4nge der Festung Tabor.<\/p>\n<h3>1535<\/h3>\n<p>Stefan III. Sz\u00e9chy verstirbt ohne m\u00e4nnliche Nachkommen.<\/p>\n<h3>1540<\/h3>\n<p>Heirat von Stefans Tochter Margarete Sz\u00e9chy mit dem Grafen Nikolaus Salm von Neuburg.<\/p>\n<h3>1565<\/h3>\n<p>Maria Magdalena Sz\u00e9chy und ihr Gatte Ladislaus Popel-Lobkowitz erhalten das Gut Dobra\/Neuhaus.<\/p>\n<h3>1607<\/h3>\n<p>Heirat zwischen Eva Popel-Lokowitz und Franz II. Batthy\u00e1nyi. Die Batthy\u00e1nyis werden Eigent\u00fcmer des Besitzes.<\/p>\n<h3>1690<\/h3>\n<p>Franz Jullok war Pfandinhaber auf Schloss Tabor.<\/p>\n<h3>1732<\/h3>\n<p>Nach dem Tod von Sigmund I. Batthy\u00e1ny teilen sich die drei Linien seiner Nachkommen den Familienbesitz auf. Die Sigismunds \u00fcbernehmen Dobra. Schloss Tabor wird wieder ein Teil der Herrschaft Dobra\/Neuhaus.<\/p>\n<h3>1831<\/h3>\n<p>Schlossherr war der sp\u00e4tere ungarische Ministerpr\u00e4sident Ludwig Batthy\u00e1ny.<\/p>\n<h3>1836<\/h3>\n<p>Burg Neuhaus wurde als altes, solides Schloss bezeichnet. <\/p>\n<h3>1850<\/h3>\n<p>Kastner (Verwalter) auf Schloss Tabor war Johann Unger.<\/p>\n<h3>1861<\/h3>\n<p>Schloss Tabor war Sitz der Franz Batthy\u00e1ny`schen Herrschaft Neuhaus.<\/p>\n<h3>1869<\/h3>\n<p>Burg Neuhaus wird als Ruine bezeichnet.<\/p>\n<h3>1994<\/h3>\n<p>Thomas Batthy\u00e1ny verkaufte Schloss Tabor an Andreas Coutinho. <\/p>\n<h3>1998<\/h3>\n<p>Der Naturpark Raab erwirbt Schloss Tabor.<\/p>\n<h3>2017<\/h3>\n<p>Die gemeinn\u00fctzige EFIS Stiftung wird Eigent\u00fcmerin von Schloss Tabor.<\/p>\n<p>\t\t\t\t#sc_gallery-157 {<br \/>\n\t\t\t\t\tmargin: auto;<br \/>\n\t\t\t\t}<br \/>\n\t\t\t\t#sc_gallery-157 .gallery-item {<br \/>\n\t\t\t\t\tfloat: left;<br \/>\n\t\t\t\t\ttext-align: center;<br \/>\n\t\t\t\t\twidth: 99.99%;<br \/>\n\t\t\t\t}<br \/>\n\t\t\t\t#sc_gallery-157 img {<br \/>\n\t\t\t\t\tborder: 2px solid #cfcfcf;<br \/>\n\t\t\t\t}<br \/>\n\t\t\t\t\/* see sc_gallery() in functions\/theme-shortcodes.php *\/<\/p>\n<p>\t\t\t\t\t<a href='https:\/\/www.321go.si\/wp-content\/uploads\/2020\/01\/dobra_pri_klausenbachu_razglednica.jpg'><img decoding=\"async\" src=\"https:\/\/www.321go.si\/wp-content\/uploads\/2020\/01\/dobra_pri_klausenbachu_razglednica.jpg\" alt=\"\" title=\"\"><\/a><\/p>\n<p>\t\t\t\t\tNeuhaus am Klausenbach, Ansichtspostkar um 1950 &#8211; Quelle: jOPERA <\/p>\n<p>Das Sp\u00e4tmittelalter war eine unruhige Zeit. An den Grenzen zwischen \u00d6sterreich und Ungarn standen sich auf beiden Seiten m\u00e4chtige Wehrburgen gegen\u00fcber. Die Burgen samt den umgebenden L\u00e4ndereien (Burgdom\u00e4nen) wurden an k\u00f6nigstreue Adelssippen vergeben. Burg Neuhaus (Dobra) war eine dieser ungarischen Wehr- und K\u00f6nigsburgen.Die Wehranlage bestand im Kern aus Saal, Kapelle, T\u00fcrmen und Ringmauern. Am h\u00f6chsten Punkt lag die von einer Vorburg umgebene innenhoflose Hochburg. Die massiven Mauern wurden aus Basaltstein errichtet. Milit\u00e4rische Hauptaufgabe der Befestigung war es, den Zugang durch das Klausenbachtal abzuriegeln.<\/p>\n<p>\t\t\t\t#sc_gallery-8628 {<br \/>\n\t\t\t\t\tmargin: auto;<br \/>\n\t\t\t\t}<br \/>\n\t\t\t\t#sc_gallery-8628 .gallery-item {<br \/>\n\t\t\t\t\tfloat: left;<br \/>\n\t\t\t\t\ttext-align: center;<br \/>\n\t\t\t\t\twidth: 99.99%;<br \/>\n\t\t\t\t}<br \/>\n\t\t\t\t#sc_gallery-8628 img {<br \/>\n\t\t\t\t\tborder: 2px solid #cfcfcf;<br \/>\n\t\t\t\t}<br \/>\n\t\t\t\t\/* see sc_gallery() in functions\/theme-shortcodes.php *\/<\/p>\n<p>\t\t\t\t\t<a href='https:\/\/www.321go.si\/wp-content\/uploads\/2020\/01\/sklepnik_z_grbom_rodbine_sz\u00e9chy_iz_zupnijske_cerkve_sv._trojice_v_gornjih_petrovcih.jpg'><img decoding=\"async\" src=\"https:\/\/www.321go.si\/wp-content\/uploads\/2020\/01\/sklepnik_z_grbom_rodbine_sz\u00e9chy_iz_zupnijske_cerkve_sv._trojice_v_gornjih_petrovcih.jpg\" alt=\"\" title=\"\"><\/a><\/p>\n<p>\t\t\t\t\tSchlussstein mit dem Wappen der Familie Sz\u00e9chi in der Pfarrkirche der Hl. Dreifaltigkeit in Gornji Petrovci &#8211; Foto: Tomislav Vre\u010di\u010d<\/p>\n<p>Die ungarische Magnatenfamilie Sz\u00e9chy pr\u00e4gte die Region im Sp\u00e4tmittelalter. Sie war im Besitz der drei Grundherrschaften Neuhaus, Grad und Murska Sobota. Durch Erbschaften, G\u00fcterteilungen und Heiratspolitik entstanden in der Folge neue Besitzverh\u00e4ltnisse. Die Familie Sz\u00e9chy (auch: Sz\u00e9csy, Sz\u00e9csi, Se\u010di) stammte urspr\u00fcnglich aus dem Ort Rimavsk\u00e1 Sec in der heutigen Slowakei. Im 14. Jhd. teilte sich die Adelsfamilie in zwei Stammlinien auf: Sz\u00e9chy von Fels\u0151lendva (sl. Grad, dt. Oberlimbach) und Sz\u00e9chy von Rimasz\u00e9ch (heute Slowakei). Peter Sz\u00e9chy hatte sich um 1365\/66 in Fels\u0151lendva (sl. Grad, dt. Oberlimbach) niedergelassen. Sein Sohn Nikolaus bekleidete als Palatin 1385 und 1386 das h\u00f6chste Amt, das im K\u00f6nigreich Ungarn vergeben wurde. 1387 erwarb er vom K\u00f6nig die Herrschaft samt Burg Neuhaus, nachdem er die Grenzburg von den steirischen Kapfensteinern erobert hatte.<\/p>\n<p>\t\t\t\t#sc_gallery-6507 {<br \/>\n\t\t\t\t\tmargin: auto;<br \/>\n\t\t\t\t}<br \/>\n\t\t\t\t#sc_gallery-6507 .gallery-item {<br \/>\n\t\t\t\t\tfloat: left;<br \/>\n\t\t\t\t\ttext-align: center;<br \/>\n\t\t\t\t\twidth: 99.99%;<br \/>\n\t\t\t\t}<br \/>\n\t\t\t\t#sc_gallery-6507 img {<br \/>\n\t\t\t\t\tborder: 2px solid #cfcfcf;<br \/>\n\t\t\t\t}<br \/>\n\t\t\t\t\/* see sc_gallery() in functions\/theme-shortcodes.php *\/<\/p>\n<p>\t\t\t\t\t<a href='https:\/\/www.321go.si\/wp-content\/uploads\/2020\/01\/grad_tabor_pred_1938.jpg'><img decoding=\"async\" src=\"https:\/\/www.321go.si\/wp-content\/uploads\/2020\/01\/grad_tabor_pred_1938.jpg\" alt=\"\" title=\"\"><\/a><\/p>\n<p>\t\t\t\t\tSchloss Tabor vor 1938 &#8211; Quelle: Burgenl\u00e4ndisches Landesarchiv, Fotosammlung<\/p>\n<p>Der Ursprung von Schloss Tabor soll mit diesem provisorischen Wehrbau des Ulrich Pesnitzer in Verbindung stehen. Historisch ist es jedoch nicht belegt, ob diese Befestigung genau an der Stelle stand, an der sich heute Schloss Tabor befindet. Ungekl\u00e4rt bleibt die Frage, ob der Tabor des Ulrich Pesnitzer ein Vorl\u00e4ufer des von der Familie Batth\u00e1ny errichteten Schlosses Tabor ist.<\/p>\n<p>\t\t\t\t#sc_gallery-3065 {<br \/>\n\t\t\t\t\tmargin: auto;<br \/>\n\t\t\t\t}<br \/>\n\t\t\t\t#sc_gallery-3065 .gallery-item {<br \/>\n\t\t\t\t\tfloat: left;<br \/>\n\t\t\t\t\ttext-align: center;<br \/>\n\t\t\t\t\twidth: 99.99%;<br \/>\n\t\t\t\t}<br \/>\n\t\t\t\t#sc_gallery-3065 img {<br \/>\n\t\t\t\t\tborder: 2px solid #cfcfcf;<br \/>\n\t\t\t\t}<br \/>\n\t\t\t\t\/* see sc_gallery() in functions\/theme-shortcodes.php *\/<\/p>\n<p>\t\t\t\t\t<a href='https:\/\/www.321go.si\/wp-content\/uploads\/2020\/01\/maria_magdalena_popel_lobkowitz.jpg'><img decoding=\"async\" src=\"https:\/\/www.321go.si\/wp-content\/uploads\/2020\/01\/maria_magdalena_popel_lobkowitz.jpg\" alt=\"\" title=\"\"><\/a><\/p>\n<p>\t\t\t\t\tMaria Magdalena Popel-Lobkowitz. Gem\u00e4lde von Hans Krell &#8211; Quelle: The Lobkowicz Collections, Czech Republic<\/p>\n<p>Maria Magdalena Popel-Lobkowitz, die Herrin von Burg Neuhaus (Dobra) im sp\u00e4ten 16. Jahrhundert, f\u00f6rderte den Protestantismus in Neuhaus. Die Herrschaft Neuhaus wurde zum Zufluchtsort vertriebener, steirischer Protestanten.<\/p>\n<p>\t\t\t\t#sc_gallery-7459 {<br \/>\n\t\t\t\t\tmargin: auto;<br \/>\n\t\t\t\t}<br \/>\n\t\t\t\t#sc_gallery-7459 .gallery-item {<br \/>\n\t\t\t\t\tfloat: left;<br \/>\n\t\t\t\t\ttext-align: center;<br \/>\n\t\t\t\t\twidth: 99.99%;<br \/>\n\t\t\t\t}<br \/>\n\t\t\t\t#sc_gallery-7459 img {<br \/>\n\t\t\t\t\tborder: 2px solid #cfcfcf;<br \/>\n\t\t\t\t}<br \/>\n\t\t\t\t\/* see sc_gallery() in functions\/theme-shortcodes.php *\/<\/p>\n<p>\t\t\t\t\t<a href='https:\/\/www.321go.si\/wp-content\/uploads\/2020\/01\/grb_rodbine_batthy\u00e1nyi_v_arkadnem_hodniku_gradu_tabor.jpg'><img decoding=\"async\" src=\"https:\/\/www.321go.si\/wp-content\/uploads\/2020\/01\/grb_rodbine_batthy\u00e1nyi_v_arkadnem_hodniku_gradu_tabor.jpg\" alt=\"\" title=\"\"><\/a><\/p>\n<p>\t\t\t\t\tWappen der Familie Batthy\u00e1ny im Arkadengang von Schloss Tabor &#8211; Foto: jOPERA <\/p>\n<p>Als k\u00f6nigliche Schenkung erhielt die Familie Batthy\u00e1ny 1524 die Herrschaft G\u00fcssing (hu. N\u00e9met\u00fajv\u00e1r). Franz II. Batthy\u00e1ny (*1573 od. *1577 \u20201625) lernte Eva Popel-Lobkowitz, die Tochter von Maria Magdalena, um 1603 kennen.  Die ungarischen Besitzt\u00fcmer der Popel-Lobkowitz waren benachbarte G\u00fcter der Batthy\u00e1ny. Eva war erbberechtigt, da die L\u00e4ndereien aus der m\u00fctterlichen Linie der Familie Sz\u00e9chy stammten. Die Verm\u00e4hlung fand am 16. Juli 1607 in Neuhaus (Dobra) statt.<\/p>\n<p>\t\t\t\t#sc_gallery-2376 {<br \/>\n\t\t\t\t\tmargin: auto;<br \/>\n\t\t\t\t}<br \/>\n\t\t\t\t#sc_gallery-2376 .gallery-item {<br \/>\n\t\t\t\t\tfloat: left;<br \/>\n\t\t\t\t\ttext-align: center;<br \/>\n\t\t\t\t\twidth: 99.99%;<br \/>\n\t\t\t\t}<br \/>\n\t\t\t\t#sc_gallery-2376 img {<br \/>\n\t\t\t\t\tborder: 2px solid #cfcfcf;<br \/>\n\t\t\t\t}<br \/>\n\t\t\t\t\/* see sc_gallery() in functions\/theme-shortcodes.php *\/<\/p>\n<p>\t\t\t\t\t<a href='https:\/\/www.321go.si\/wp-content\/uploads\/2020\/01\/kristof_II._batthy\u00e1ny_bakrorez_jakoba_metzgerja.jpg'><img decoding=\"async\" src=\"https:\/\/www.321go.si\/wp-content\/uploads\/2020\/01\/kristof_II._batthy\u00e1ny_bakrorez_jakoba_metzgerja.jpg\" alt=\"\" title=\"\"><\/a><\/p>\n<p>\t\t\t\t\tChristoph II. Batthy\u00e1ny, Kupferstich von Jakob Metzger, nach 1650 &#8211; Quelle: Burgenl\u00e4ndisches Landesarchiv, Grafische Sammlung, AXXV-295<\/p>\n<p>Das Landgut (Pr\u00e4dium) Tabor wurde nach Aufspaltung in die drei gr\u00e4flichen Batthy\u00e1ny-Linien und der Neuaufteilung der G\u00fcter 1732 wieder in die Herrschaft Neuhaus eingegliedert.<\/p>\n<p>\t\t\t\t#sc_gallery-5037 {<br \/>\n\t\t\t\t\tmargin: auto;<br \/>\n\t\t\t\t}<br \/>\n\t\t\t\t#sc_gallery-5037 .gallery-item {<br \/>\n\t\t\t\t\tfloat: left;<br \/>\n\t\t\t\t\ttext-align: center;<br \/>\n\t\t\t\t\twidth: 99.99%;<br \/>\n\t\t\t\t}<br \/>\n\t\t\t\t#sc_gallery-5037 img {<br \/>\n\t\t\t\t\tborder: 2px solid #cfcfcf;<br \/>\n\t\t\t\t}<br \/>\n\t\t\t\t\/* see sc_gallery() in functions\/theme-shortcodes.php *\/<\/p>\n<p>\t\t\t\t\t<a href='https:\/\/www.321go.si\/wp-content\/uploads\/2020\/01\/notranje_dvorisce_ok._1925.jpg'><img decoding=\"async\" src=\"https:\/\/www.321go.si\/wp-content\/uploads\/2020\/01\/notranje_dvorisce_ok._1925.jpg\" alt=\"\" title=\"\"><\/a><\/p>\n<p>\t\t\t\t\tSchloss Tabor, Innenhof um 1925 &#8211; Quelle: \u00d6sterreichische Nationalbibliothek, Bildarchiv und Grafiksammlung<\/p>\n<p>Das zweigeschossige Geb\u00e4ude aus dem 17. Jahrhundert weist einen hakenf\u00f6rmigen Grundriss auf. Ein Torbau f\u00fchrt in den Innenhof, der nach Norden hin offen ist. Rundbogenarkaden mit dem Wappen der Grafen Batthy\u00e1ny wurden 1968 freigelegt. <\/p>\n<p>\t\t\t\t#sc_gallery-8117 {<br \/>\n\t\t\t\t\tmargin: auto;<br \/>\n\t\t\t\t}<br \/>\n\t\t\t\t#sc_gallery-8117 .gallery-item {<br \/>\n\t\t\t\t\tfloat: left;<br \/>\n\t\t\t\t\ttext-align: center;<br \/>\n\t\t\t\t\twidth: 99.99%;<br \/>\n\t\t\t\t}<br \/>\n\t\t\t\t#sc_gallery-8117 img {<br \/>\n\t\t\t\t\tborder: 2px solid #cfcfcf;<br \/>\n\t\t\t\t}<br \/>\n\t\t\t\t\/* see sc_gallery() in functions\/theme-shortcodes.php *\/<\/p>\n<p>\t\t\t\t\t<a href='https:\/\/www.321go.si\/wp-content\/uploads\/2020\/01\/grad_tabor_stolp_ok._1925.jpg'><img decoding=\"async\" src=\"https:\/\/www.321go.si\/wp-content\/uploads\/2020\/01\/grad_tabor_stolp_ok._1925.jpg\" alt=\"\" title=\"\"><\/a><\/p>\n<p>\t\t\t\t\tSchloss Tabor, Turm um 1925 &#8211; Quelle: \u00d6sterreichische Nationalbibliothek, Bildarchiv und Grafiksammlung<\/p>\n<p>Die Grundmauern des an die Arkaden anschlie\u00dfenden Rundturms k\u00f6nnten aus dem 15. Jhd. stammen. <\/p>\n<p>\t\t\t\t#sc_gallery-9479 {<br \/>\n\t\t\t\t\tmargin: auto;<br \/>\n\t\t\t\t}<br \/>\n\t\t\t\t#sc_gallery-9479 .gallery-item {<br \/>\n\t\t\t\t\tfloat: left;<br \/>\n\t\t\t\t\ttext-align: center;<br \/>\n\t\t\t\t\twidth: 99.99%;<br \/>\n\t\t\t\t}<br \/>\n\t\t\t\t#sc_gallery-9479 img {<br \/>\n\t\t\t\t\tborder: 2px solid #cfcfcf;<br \/>\n\t\t\t\t}<br \/>\n\t\t\t\t\/* see sc_gallery() in functions\/theme-shortcodes.php *\/<\/p>\n<p>\t\t\t\t\t<a href='https:\/\/www.321go.si\/wp-content\/uploads\/2020\/01\/opera_carmen_2017.jpg'><img decoding=\"async\" src=\"https:\/\/www.321go.si\/wp-content\/uploads\/2020\/01\/opera_carmen_2017.jpg\" alt=\"\" title=\"\"><\/a><\/p>\n<p>\t\t\t\t\tOper Carmen, 2017 &#8211; Foto: Peter Soswinski<\/p>\n<p>Schloss Tabor wurde ab 2002 aufw\u00e4ndig saniert und zur modernen, stimmungsvollen Spielst\u00e4tte f\u00fcr Freiluft-Opern umgestaltet. Um die Spezialisierung im Segment Freiluftoper zu st\u00e4rken und um den steigenden Publikumserfolg zu verdeutlichen, wurde 2007 mit jOPERA eine zeitgem\u00e4\u00dfe Marke geschaffen. In kurzer Zeit gelang es den Spielort Schloss Tabor als fixe Kultureinrichtung im S\u00fcdburgenland etabliert.<\/p>\n","protected":false},"excerpt":{"rendered":"<p>Sein barockes Erscheinungsbild erhielt das auch Tabor Schl\u00f6sschen genannte Anwesen im 17. Jahrhundert. Das zweigeschossige Geb\u00e4ude weist einen hakenf\u00f6rmigen Grundriss auf. <\/p>\n","protected":false},"author":4,"featured_media":354,"parent":0,"menu_order":0,"comment_status":"closed","ping_status":"closed","template":"","meta":{"footnotes":""},"class_list":["post-318","page","type-page","status-publish","has-post-thumbnail","hentry"],"_links":{"self":[{"href":"https:\/\/www.321go.si\/de\/wp-json\/wp\/v2\/pages\/318","targetHints":{"allow":["GET"]}}],"collection":[{"href":"https:\/\/www.321go.si\/de\/wp-json\/wp\/v2\/pages"}],"about":[{"href":"https:\/\/www.321go.si\/de\/wp-json\/wp\/v2\/types\/page"}],"author":[{"embeddable":true,"href":"https:\/\/www.321go.si\/de\/wp-json\/wp\/v2\/users\/4"}],"replies":[{"embeddable":true,"href":"https:\/\/www.321go.si\/de\/wp-json\/wp\/v2\/comments?post=318"}],"version-history":[{"count":7,"href":"https:\/\/www.321go.si\/de\/wp-json\/wp\/v2\/pages\/318\/revisions"}],"predecessor-version":[{"id":755,"href":"https:\/\/www.321go.si\/de\/wp-json\/wp\/v2\/pages\/318\/revisions\/755"}],"wp:featuredmedia":[{"embeddable":true,"href":"https:\/\/www.321go.si\/de\/wp-json\/wp\/v2\/media\/354"}],"wp:attachment":[{"href":"https:\/\/www.321go.si\/de\/wp-json\/wp\/v2\/media?parent=318"}],"curies":[{"name":"wp","href":"https:\/\/api.w.org\/{rel}","templated":true}]}}