{"id":247,"date":"2020-01-27T09:23:42","date_gmt":"2020-01-27T08:23:42","guid":{"rendered":"https:\/\/www.321go.si\/grad-na-gorickem\/"},"modified":"2025-05-28T16:59:16","modified_gmt":"2025-05-28T14:59:16","slug":"schloss-grad","status":"publish","type":"page","link":"https:\/\/www.321go.si\/de\/schloss-grad\/","title":{"rendered":"Schloss Grad"},"content":{"rendered":"<h1>Schloss Grad<\/h1>\n<h4>Das gr\u00f6\u00dfte Barockschloss Sloweniens<\/h4>\n<p>Schloss Grad in Gori\u010dko, das ehemalige Oberlimbach\/Gornja Lendava, gilt als gr\u00f6\u00dfter Schlosskomplex Sloweniens. Es wurde auf einem H\u00fcgel aus Basalttuff errichtet (320 m Seeh\u00f6he) und umfasst einen ger\u00e4umen terrassenf\u00f6rmigen Innenhof und mehrere \u00e4ltere und neuere Umbauten und Zubauten.<\/p>\n<h3>Die Chronologie von Schloss Grad<\/h3>\n<p>Grad, Gornja Lendava, Fels\u0151lendva, Oberlimbach<\/p>\n<h3>1208<\/h3>\n<p>K\u00f6nig Andreas II. vergibt das Lehen Lyndwa an Nikolaus von Eisenburg (comiti de Ferreo castro).<\/p>\n<h3>1271<\/h3>\n<p>Erste Erw\u00e4hnung des Schlosses Limbuh.<\/p>\n<h3>1275<\/h3>\n<p>K\u00f6nig L\u00e1szl\u00f3 IV. best\u00e4tigt das Gut als Eigentum von Amad\u00e9 aus dem Geschlecht der Gutkeled.<\/p>\n<h3>1307\u20131342<\/h3>\n<p>Nikolaus aus dem Geschlecht der Amad\u00e9 Gudkeled weitet den Besitz bis zum Murfluss aus (Belmura mit Murska Sobota).<\/p>\n<h3>1358<\/h3>\n<p>K\u00f6nig Ludvig I. von Anjou vergibt den Besitz an Palatin Nikolaus Kont. <\/p>\n<h3>1363<\/h3>\n<p>Erw\u00e4hnung des castellanus de Fullyndua (Castellan aus Oberlimbach).<\/p>\n<h3>1365-1366<\/h3>\n<p>Familie Sz\u00e9chy bekommt den Besitz von K\u00f6nig Ludwig I. von Anjou.<\/p>\n<h3>1391<\/h3>\n<p>K\u00f6nig Sigismund verleiht den Sz\u00e9chy das Patronat \u00fcber die Abtei Szentgotthard.<\/p>\n<h3>1415<\/h3>\n<p>Erste Erw\u00e4hnung als Felseu-Lendva. <\/p>\n<h3>1535<\/h3>\n<p>Stefan, der letzte m\u00e4nnliche Nachkomme der Familie Sz\u00e9chy von Oberlimbach stirbt.<\/p>\n<h3>1570<\/h3>\n<p>Oberlimbach wird von Thomas III. Sz\u00e9chy aus dem Zweig der Rimasz\u00e9chy \u00fcbernommen, er teilt sich den Besitz mit Maria Magdalena aus dem Zweig Oberlimbach und ihrem Gatten.<\/p>\n<h3>1607<\/h3>\n<p>Ein Teil des Sz\u00e9chy-Besitzes f\u00e4llt nach der Heirat an die Familie Batthy\u00e1ny.<\/p>\n<h3>1669<\/h3>\n<p>Die Eigent\u00fcmer des Schlosses Oberlimbach und des Schlosses Murska Sobota sind Peter, Kaspar und Georg Sz\u00e9chy de Rimasz\u00e9ch.<\/p>\n<h3>1685<\/h3>\n<p>Der letzte m\u00e4nnliche Nachkomme der Familie Sz\u00e9chy, Peter V.  stirbt.<\/p>\n<h3>1689<\/h3>\n<p>Die Familie N\u00e1dasdy wird nach der Heirat zur Eigent\u00fcmerin von Teilen des Besitzes.<\/p>\n<h3>1730<\/h3>\n<p>Graf Leopold N\u00e1dasdy wird Eigent\u00fcmer der Herrschaft Oberlimbach.<\/p>\n<h3>1836<\/h3>\n<p>Der ungarische klassische Komponist Johannes Spech stirbt auf dem Schloss.<\/p>\n<h3>1856<\/h3>\n<p>Prinz Moritz Joseph Johann Dietrichstein kauft das Schloss.<\/p>\n<h3>1864<\/h3>\n<p>Eduard Alm\u00e1ssy kauft das Schloss.<\/p>\n<h3>1867<\/h3>\n<p>Georg Alm\u00e1ssy, der bekannte Zoologe, Ethnograf und Erforscher Asiens wird auf dem Schloss geboren.<\/p>\n<h3>1872<\/h3>\n<p>Graf Theodor Sz\u00e9chenyi kauft das Schloss.<\/p>\n<h3>1919<\/h3>\n<p>Graf B\u00e9la Batthy\u00e1ny ist Besitzer des Schlosses.<\/p>\n<h3>1929<\/h3>\n<p>Der Unternehmer Geza Hartner aus Murska Sobota kauft das Schloss.<\/p>\n<h3>1945<\/h3>\n<p>Die Rote Armee h\u00e4lt sich eine Zeit lang im Schloss auf.<\/p>\n<h3>1946<\/h3>\n<p>Das Schloss ist verstaatlicht und im Besitz der F\u00f6derativen Volksrepublik Jugoslawien.<\/p>\n<h3>1952<\/h3>\n<p>Das Schloss und der Ort werden statt Gornja Lendava Grad genannt.<\/p>\n<h3>1982<\/h3>\n<p>Das Schloss ist im kollektiven Besitz der Dorfgemeinde Grad.<\/p>\n<h3>1999<\/h3>\n<p>Das Schloss wird zum Kulturdenkmal von landesweiter Bedeutung im Besitz der Republik Slowenien ernannt.<\/p>\n<h3>2004<\/h3>\n<p>Das Schloss und der Park werden dem Naturpark Gori\u010dko zur Verwaltung \u00fcbergeben.<\/p>\n<h3>2016<\/h3>\n<p>Die Republik Slowenien bezahlt die Verbindlichkeiten aufgrund der Privatisierung ab.<\/p>\n<p>\t\t\t\t#sc_gallery-5879 {<br \/>\n\t\t\t\t\tmargin: auto;<br \/>\n\t\t\t\t}<br \/>\n\t\t\t\t#sc_gallery-5879 .gallery-item {<br \/>\n\t\t\t\t\tfloat: left;<br \/>\n\t\t\t\t\ttext-align: center;<br \/>\n\t\t\t\t\twidth: 99.99%;<br \/>\n\t\t\t\t}<br \/>\n\t\t\t\t#sc_gallery-5879 img {<br \/>\n\t\t\t\t\tborder: 2px solid #cfcfcf;<br \/>\n\t\t\t\t}<br \/>\n\t\t\t\t\/* see sc_gallery() in functions\/theme-shortcodes.php *\/<\/p>\n<p>\t\t\t\t\t<a href='https:\/\/www.321go.si\/wp-content\/uploads\/2020\/01\/321go_tloris_gradu_z_notranjim_dvoriscem.jpg'><img decoding=\"async\" src=\"https:\/\/www.321go.si\/wp-content\/uploads\/2020\/01\/321go_tloris_gradu_z_notranjim_dvoriscem.jpg\" alt=\"\" title=\"\"><\/a><\/p>\n<p>\t\t\t\t\tGrundriss des Schlosses Grad mit Innenhof, 19. Jahrhundert &#8211; Quelle: PMMS<\/p>\n<p>Das \u00e4lteste gebaute Bauelement sind die \u00dcberreste eines Verteidigungsdonjons. Um den Turm wurde eine Mauer angelegt. Dies ist der erhaltene Kern der romanischen Burg, die auf einem Felsplateau des heutigen Schlossinnenhofes stand. Im fr\u00fchen 14. Jahrhundert wurde der Burgkern befestigt. Diese fr\u00fchgotische Mauer wird von Schie\u00dfscharten verziert. Im nordwestlichen Teil der romanischen Mauer wurde ein Zwinger mit einer Mauer und einem m\u00e4chtigen fr\u00fchgotischen Portal errichtet. Noch heute sind Spuren eines Hubmechanismus in den erhaltenen \u00d6ffnungen f\u00fcr Seile und ein rinnenf\u00f6rmiger Falz f\u00fcr das h\u00f6lzerne Fallnetz zu sehen.<\/p>\n<p>\t\t\t\t#sc_gallery-219 {<br \/>\n\t\t\t\t\tmargin: auto;<br \/>\n\t\t\t\t}<br \/>\n\t\t\t\t#sc_gallery-219 .gallery-item {<br \/>\n\t\t\t\t\tfloat: left;<br \/>\n\t\t\t\t\ttext-align: center;<br \/>\n\t\t\t\t\twidth: 99.99%;<br \/>\n\t\t\t\t}<br \/>\n\t\t\t\t#sc_gallery-219 img {<br \/>\n\t\t\t\t\tborder: 2px solid #cfcfcf;<br \/>\n\t\t\t\t}<br \/>\n\t\t\t\t\/* see sc_gallery() in functions\/theme-shortcodes.php *\/<\/p>\n<p>\t\t\t\t\t<a href='https:\/\/www.321go.si\/wp-content\/uploads\/2020\/01\/321go_strelna_lina-1.jpg'><img decoding=\"async\" src=\"https:\/\/www.321go.si\/wp-content\/uploads\/2020\/01\/321go_strelna_lina-1.jpg\" alt=\"\" title=\"\"><\/a><\/p>\n<p>\t\t\t\t\tSchiessl\u00fccke \u2013 Quelle: Tomislav Vre\u010di\u010d, PMMS<\/p>\n<p>\t\t\t\t\t<a href='https:\/\/www.321go.si\/wp-content\/uploads\/2020\/01\/321go_strelna_lina.jpg'><img decoding=\"async\" src=\"https:\/\/www.321go.si\/wp-content\/uploads\/2020\/01\/321go_strelna_lina.jpg\" alt=\"\" title=\"\"><\/a><\/p>\n<p>\t\t\t\t\tSchiessl\u00fccke \u2013 Quelle: Tomislav Vre\u010di\u010d, PMMS<\/p>\n<p>Im 15. Jahrhundert setzte sich die bauliche Entwicklung des Schlosskerns mit dem Bau des Osttrakts und der n\u00f6rdlichen Mauer fort. Eine braun gebrannte rechteckige Ofenkachel aus dem ausgehenden 14. oder aus der ersten H\u00e4lfte des 15. Jahrhunderts mit dem Motiv eines Ritters auf dem Pferd und mit einem Drachen wurde gefunden. Diese ist in der Ausstellung \u00fcber die Geschichte des Schlosses Grad im Vorraum der Schlosskapelle zu sehen.<\/p>\n<p>\t\t\t\t#sc_gallery-6703 {<br \/>\n\t\t\t\t\tmargin: auto;<br \/>\n\t\t\t\t}<br \/>\n\t\t\t\t#sc_gallery-6703 .gallery-item {<br \/>\n\t\t\t\t\tfloat: left;<br \/>\n\t\t\t\t\ttext-align: center;<br \/>\n\t\t\t\t\twidth: 99.99%;<br \/>\n\t\t\t\t}<br \/>\n\t\t\t\t#sc_gallery-6703 img {<br \/>\n\t\t\t\t\tborder: 2px solid #cfcfcf;<br \/>\n\t\t\t\t}<br \/>\n\t\t\t\t\/* see sc_gallery() in functions\/theme-shortcodes.php *\/<\/p>\n<p>\t\t\t\t\t<a href='https:\/\/www.321go.si\/wp-content\/uploads\/2020\/01\/321go_grajska_pecnica_z_motivom_sv._jurija_v-_boju_z_zmajem.jpg'><img decoding=\"async\" src=\"https:\/\/www.321go.si\/wp-content\/uploads\/2020\/01\/321go_grajska_pecnica_z_motivom_sv._jurija_v-_boju_z_zmajem.jpg\" alt=\"\" title=\"\"><\/a><\/p>\n<p>\t\t\t\t\tOfenkachel mit Darstellung des hl. Georgs im Kampf mit dem Drachen, Ende 14.\/ erste H\u00e4lfte 15. Jahrhunderts \u2013 Quelle: Tomislav Vre\u010di\u010d, PMMS<\/p>\n<p>Das 16. Jahrhundert brachte wegen der T\u00fcrkengefahr und der Bauernaufst\u00e4nde gro\u00dfe bauliche Ver\u00e4nderungen in den Komplex. Die Batthy\u00e1nys als neue Eigent\u00fcmer machten aus der mittelalterlichen bzw. Renaissance-Festung im 17. Jahrhundert ein repr\u00e4sentatives Barockschloss.<\/p>\n<p>\t\t\t\t#sc_gallery-789 {<br \/>\n\t\t\t\t\tmargin: auto;<br \/>\n\t\t\t\t}<br \/>\n\t\t\t\t#sc_gallery-789 .gallery-item {<br \/>\n\t\t\t\t\tfloat: left;<br \/>\n\t\t\t\t\ttext-align: center;<br \/>\n\t\t\t\t\twidth: 99.99%;<br \/>\n\t\t\t\t}<br \/>\n\t\t\t\t#sc_gallery-789 img {<br \/>\n\t\t\t\t\tborder: 2px solid #cfcfcf;<br \/>\n\t\t\t\t}<br \/>\n\t\t\t\t\/* see sc_gallery() in functions\/theme-shortcodes.php *\/<\/p>\n<p>\t\t\t\t\t<a href='https:\/\/www.321go.si\/wp-content\/uploads\/2020\/01\/321go_grajski_prostori_na_razglednici.jpg'><img decoding=\"async\" src=\"https:\/\/www.321go.si\/wp-content\/uploads\/2020\/01\/321go_grajski_prostori_na_razglednici.jpg\" alt=\"\" title=\"\"><\/a><\/p>\n<p>\t\t\t\t\tDie Schlossr\u00e4ume an einer Ansichtskarte. \u2013 Quelle: PMMS<\/p>\n<p>Der umfangreichste Umbau und die Transformation in ein Barockschloss fand ab 1720 statt. Die N\u00e1dasdys als neue Eigent\u00fcmer rissen den gesamten mittelalterlichen Baukern auf dem Felsplateau, beide Palase, die Kapelle und den Burgfried ab. Die repr\u00e4sentativen R\u00e4ume, die sich davor im abgerissenen Schlosskern befanden, wurden im zweiten Stock des neuen West- und Nordtrakts untergebracht. Die Kellerr\u00e4ume wurden mit einem Gew\u00f6lbe versehen und die Hofseite der Trakte wurde mit Arkadeng\u00e4ngen vereinheitlicht.<\/p>\n<p>\t\t\t\t#sc_gallery-4345 {<br \/>\n\t\t\t\t\tmargin: auto;<br \/>\n\t\t\t\t}<br \/>\n\t\t\t\t#sc_gallery-4345 .gallery-item {<br \/>\n\t\t\t\t\tfloat: left;<br \/>\n\t\t\t\t\ttext-align: center;<br \/>\n\t\t\t\t\twidth: 99.99%;<br \/>\n\t\t\t\t}<br \/>\n\t\t\t\t#sc_gallery-4345 img {<br \/>\n\t\t\t\t\tborder: 2px solid #cfcfcf;<br \/>\n\t\t\t\t}<br \/>\n\t\t\t\t\/* see sc_gallery() in functions\/theme-shortcodes.php *\/<\/p>\n<p>\t\t\t\t\t<a href='https:\/\/www.321go.si\/wp-content\/uploads\/2020\/01\/321go_arkade_ob_notranjem_dvoriscu.jpg'><img decoding=\"async\" src=\"https:\/\/www.321go.si\/wp-content\/uploads\/2020\/01\/321go_arkade_ob_notranjem_dvoriscu.jpg\" alt=\"Arkade ob notranjem dvori\u0161\u010du \u2013 Vir: JZKPG\" title=\"\"><\/a><\/p>\n<p>\t\t\t\t\tHofseite des Schlosses Grad mit Arkadengang \u2013 Foto: JZKPG<\/p>\n<p>Die letzte Etappe der Barockisierung war der Bau des s\u00fcdwestlichen Traktes mit einer Kapelle in der oberen Etage des halbkreisf\u00f6rmigen Renaissancewehrturms. Der Glockenturm der Schlosskapelle wurde 1751 errichtet.<\/p>\n<p>\t\t\t\t#sc_gallery-3085 {<br \/>\n\t\t\t\t\tmargin: auto;<br \/>\n\t\t\t\t}<br \/>\n\t\t\t\t#sc_gallery-3085 .gallery-item {<br \/>\n\t\t\t\t\tfloat: left;<br \/>\n\t\t\t\t\ttext-align: center;<br \/>\n\t\t\t\t\twidth: 99.99%;<br \/>\n\t\t\t\t}<br \/>\n\t\t\t\t#sc_gallery-3085 img {<br \/>\n\t\t\t\t\tborder: 2px solid #cfcfcf;<br \/>\n\t\t\t\t}<br \/>\n\t\t\t\t\/* see sc_gallery() in functions\/theme-shortcodes.php *\/<\/p>\n<p>\t\t\t\t\t<a href='https:\/\/www.321go.si\/wp-content\/uploads\/2020\/01\/321go_pogled_na_zvonik_grajske_kapele.jpg'><img decoding=\"async\" src=\"https:\/\/www.321go.si\/wp-content\/uploads\/2020\/01\/321go_pogled_na_zvonik_grajske_kapele.jpg\" alt=\"\" title=\"\"><\/a><\/p>\n<p>\t\t\t\t\tEin Blick auf den Glockenturm der Schlosskapelle \u2013 Foto: JZKPG<\/p>\n<p>Die Sz\u00e9chenyi waren im letzten Viertel des 19. Jahrhunderts die Eigent\u00fcmer des Schlosses. Sie erneuerten die S\u00fcdfassade, gestalteten sie mit Rustika und brachten \u00fcber dem Eingang das Familienwappen an.<\/p>\n<p>\t\t\t\t#sc_gallery-8163 {<br \/>\n\t\t\t\t\tmargin: auto;<br \/>\n\t\t\t\t}<br \/>\n\t\t\t\t#sc_gallery-8163 .gallery-item {<br \/>\n\t\t\t\t\tfloat: left;<br \/>\n\t\t\t\t\ttext-align: center;<br \/>\n\t\t\t\t\twidth: 99.99%;<br \/>\n\t\t\t\t}<br \/>\n\t\t\t\t#sc_gallery-8163 img {<br \/>\n\t\t\t\t\tborder: 2px solid #cfcfcf;<br \/>\n\t\t\t\t}<br \/>\n\t\t\t\t\/* see sc_gallery() in functions\/theme-shortcodes.php *\/<\/p>\n<p>\t\t\t\t\t<a href='https:\/\/www.321go.si\/wp-content\/uploads\/2020\/01\/321go_grb_rodbine_szechenyi_na_portalu.jpg'><img decoding=\"async\" src=\"https:\/\/www.321go.si\/wp-content\/uploads\/2020\/01\/321go_grb_rodbine_szechenyi_na_portalu.jpg\" alt=\"\" title=\"\"><\/a><\/p>\n<p>\t\t\t\t\tDer Wappen der Familie Szechenyi \u00fcber dem Eingang \u2013 Foto: JZKPG<\/p>\n<p>Das Schloss war in der Zwischenkriegszeit Eigentum des Industriellen Geza Hartner.<\/p>\n<p>\t\t\t\t#sc_gallery-3807 {<br \/>\n\t\t\t\t\tmargin: auto;<br \/>\n\t\t\t\t}<br \/>\n\t\t\t\t#sc_gallery-3807 .gallery-item {<br \/>\n\t\t\t\t\tfloat: left;<br \/>\n\t\t\t\t\ttext-align: center;<br \/>\n\t\t\t\t\twidth: 99.99%;<br \/>\n\t\t\t\t}<br \/>\n\t\t\t\t#sc_gallery-3807 img {<br \/>\n\t\t\t\t\tborder: 2px solid #cfcfcf;<br \/>\n\t\t\t\t}<br \/>\n\t\t\t\t\/* see sc_gallery() in functions\/theme-shortcodes.php *\/<\/p>\n<p>\t\t\t\t\t<a href='https:\/\/www.321go.si\/wp-content\/uploads\/2020\/01\/321go_grad_na-_razglednici.jpg'><img decoding=\"async\" src=\"https:\/\/www.321go.si\/wp-content\/uploads\/2020\/01\/321go_grad_na-_razglednici.jpg\" alt=\"Grad na razglednici, original hrani \u0160tefan Vida\" title=\"\"><\/a><\/p>\n<p>\t\t\t\t\tAnsichtskarte des Schlosses Grad, Anfang des 20. Jahrhunderts \u2013 Quelle: \u0160tefan Vida<\/p>\n<p>Nach dem Zweiten Weltkrieg begann nach der Besetzung durch die Rote Armee, die an der Mauer ein Grafitti in zyrillischen Buchstaben hinterlie\u00df, der Verfall des Schlosses.<\/p>\n<p>\t\t\t\t#sc_gallery-3794 {<br \/>\n\t\t\t\t\tmargin: auto;<br \/>\n\t\t\t\t}<br \/>\n\t\t\t\t#sc_gallery-3794 .gallery-item {<br \/>\n\t\t\t\t\tfloat: left;<br \/>\n\t\t\t\t\ttext-align: center;<br \/>\n\t\t\t\t\twidth: 99.99%;<br \/>\n\t\t\t\t}<br \/>\n\t\t\t\t#sc_gallery-3794 img {<br \/>\n\t\t\t\t\tborder: 2px solid #cfcfcf;<br \/>\n\t\t\t\t}<br \/>\n\t\t\t\t\/* see sc_gallery() in functions\/theme-shortcodes.php *\/<\/p>\n<p>\t\t\t\t\t<a href='https:\/\/www.321go.si\/wp-content\/uploads\/2020\/01\/321go_napis_zivela_rdeca_armada_v_ruscini.jpg'><img decoding=\"async\" src=\"https:\/\/www.321go.si\/wp-content\/uploads\/2020\/01\/321go_napis_zivela_rdeca_armada_v_ruscini.jpg\" alt=\"\" title=\"\"><\/a><\/p>\n<p>\t\t\t\t\tSalut Rote Armee in kyrillischer Schrift \u2013 Quelle: Stanislava De\u0161nik, JZKPG<\/p>\n<p>In der Umgebung des Schlosses liegt der Schlosspark im englischen Stil, in dem neben einheimischen B\u00e4umen auch exotische Arten gedeihen. Die Hauptzufahrt f\u00fchrt an der Meierei aus dem 18. Jahrhundert vorbei, die im 19. Jahrhundert erneuert wurde.Die Krypta bzw. das klassizistische Mausoleum aus der Mitte des 19. Jahrhunderts befindet sich zwei Kilometer vom Schloss entfernt.<\/p>\n<p>\t\t\t\t#sc_gallery-9451 {<br \/>\n\t\t\t\t\tmargin: auto;<br \/>\n\t\t\t\t}<br \/>\n\t\t\t\t#sc_gallery-9451 .gallery-item {<br \/>\n\t\t\t\t\tfloat: left;<br \/>\n\t\t\t\t\ttext-align: center;<br \/>\n\t\t\t\t\twidth: 99.99%;<br \/>\n\t\t\t\t}<br \/>\n\t\t\t\t#sc_gallery-9451 img {<br \/>\n\t\t\t\t\tborder: 2px solid #cfcfcf;<br \/>\n\t\t\t\t}<br \/>\n\t\t\t\t\/* see sc_gallery() in functions\/theme-shortcodes.php *\/<\/p>\n<p>\t\t\t\t\t<a href='https:\/\/www.321go.si\/wp-content\/uploads\/2020\/01\/321go_kripta_grad.jpg'><img decoding=\"async\" src=\"https:\/\/www.321go.si\/wp-content\/uploads\/2020\/01\/321go_kripta_grad.jpg\" alt=\"\" title=\"\"><\/a><\/p>\n<p>\t\t\t\t\tDie Krypta \u2013 Foto: Tomislav Vre\u010di\u010d, PMMS.<\/p>\n","protected":false},"excerpt":{"rendered":"<p>Schloss Grad in Gori\u010dko, das ehemalige Oberlimbach\/Gornja Lendava, gilt als gr\u00f6\u00dfter Schlosskomplex Sloweniens.<\/p>\n","protected":false},"author":4,"featured_media":355,"parent":0,"menu_order":0,"comment_status":"closed","ping_status":"closed","template":"","meta":{"footnotes":""},"class_list":["post-247","page","type-page","status-publish","has-post-thumbnail","hentry"],"_links":{"self":[{"href":"https:\/\/www.321go.si\/de\/wp-json\/wp\/v2\/pages\/247","targetHints":{"allow":["GET"]}}],"collection":[{"href":"https:\/\/www.321go.si\/de\/wp-json\/wp\/v2\/pages"}],"about":[{"href":"https:\/\/www.321go.si\/de\/wp-json\/wp\/v2\/types\/page"}],"author":[{"embeddable":true,"href":"https:\/\/www.321go.si\/de\/wp-json\/wp\/v2\/users\/4"}],"replies":[{"embeddable":true,"href":"https:\/\/www.321go.si\/de\/wp-json\/wp\/v2\/comments?post=247"}],"version-history":[{"count":5,"href":"https:\/\/www.321go.si\/de\/wp-json\/wp\/v2\/pages\/247\/revisions"}],"predecessor-version":[{"id":747,"href":"https:\/\/www.321go.si\/de\/wp-json\/wp\/v2\/pages\/247\/revisions\/747"}],"wp:featuredmedia":[{"embeddable":true,"href":"https:\/\/www.321go.si\/de\/wp-json\/wp\/v2\/media\/355"}],"wp:attachment":[{"href":"https:\/\/www.321go.si\/de\/wp-json\/wp\/v2\/media?parent=247"}],"curies":[{"name":"wp","href":"https:\/\/api.w.org\/{rel}","templated":true}]}}